{"id":1846,"date":"2023-03-20T12:31:40","date_gmt":"2023-03-20T11:31:40","guid":{"rendered":"http:\/\/kulturtage-poing.de\/?page_id=1846"},"modified":"2025-04-08T16:10:54","modified_gmt":"2025-04-08T14:10:54","slug":"gigi-pfundmair","status":"publish","type":"page","link":"https:\/\/kulturtage-poing.de\/?page_id=1846","title":{"rendered":"Marcus Weishaar"},"content":{"rendered":"\n<p><\/p>\n\n\n\n<div class=\"wp-block-media-text alignwide is-stacked-on-mobile is-vertically-aligned-center\" style=\"grid-template-columns:30% auto\"><figure class=\"wp-block-media-text__media\"><img loading=\"lazy\" decoding=\"async\" width=\"685\" height=\"1024\" src=\"http:\/\/kulturtage-poing.de\/wp-content\/uploads\/2024\/10\/DSC_0949-685x1024.jpg\" alt=\"\" class=\"wp-image-2176 size-full\" srcset=\"https:\/\/kulturtage-poing.de\/wp-content\/uploads\/2024\/10\/DSC_0949-685x1024.jpg 685w, https:\/\/kulturtage-poing.de\/wp-content\/uploads\/2024\/10\/DSC_0949-201x300.jpg 201w, https:\/\/kulturtage-poing.de\/wp-content\/uploads\/2024\/10\/DSC_0949-768x1147.jpg 768w, https:\/\/kulturtage-poing.de\/wp-content\/uploads\/2024\/10\/DSC_0949-1028x1536.jpg 1028w, https:\/\/kulturtage-poing.de\/wp-content\/uploads\/2024\/10\/DSC_0949-1371x2048.jpg 1371w, https:\/\/kulturtage-poing.de\/wp-content\/uploads\/2024\/10\/DSC_0949-scaled.jpg 1714w\" sizes=\"auto, (max-width: 685px) 100vw, 685px\" \/><\/figure><div class=\"wp-block-media-text__content\">\n<p>Marcus Weishaar (Bass), erhielt seine Gesangsausbildung in N\u00fcrnberg, Basel und M\u00fcnchen. Vielseitig als Konzert- und Operns\u00e4nger t\u00e4tig mit Auftritten beim SWF, im Gasteig in M\u00fcnchen, Philharmonie in K\u00f6ln, in Berlin, D\u00fcsseldorf, Hamburg, Frankfurt a.M., Wiesbaden u.v.a.m. Engagements u.a. am Staatstheater am G\u00e4rtnerplatz M\u00fcnchen, St\u00e4dtebundtheater Hof, Stadttheater Brandenburg, an der Kammeroper Ulm, Pasinger Fabrik, beim Eckhoffestival in Gotha, Lyrisches Opernensemble Dachau. <\/p>\n\n\n\n<p>Er singt regelm\u00e4\u00dfig f\u00fcr die Internationale Stiftung zur F\u00f6rderung von Kultur und Zivilisation. Er war langj\u00e4hriges Ensemblemitglied beim Freien Landestheater Bayern u.a. als Osmin (Entf\u00fchrung aus dem Serail) und Sarastro (Zauberfl\u00f6te). 2013 bis 2015 sang er bei den Bad Hersfelder Opernfestspielen Osmin, Don Alfonso (Cos\u00ec fan tutte) und Rocco (Fidelio) und die Arie des Daland (Fliegender Holl\u00e4nder). Seit 2016 geh\u00f6rt er auch zum Ensemble der Augsburger Kammeroper. Dort singt er Sarastro, Osmin, Fasolt (Rheingold), Rigoletto Titelpartie), Theophil (Frau Luna). <\/p>\n\n\n\n<p>2024 wird er dort erstmalig als Frank in der Fledermaus und als Bartolo in der Hochzeit des Figaro mitwirken.<\/p>\n\n\n\n<p>Zus\u00e4tzlich Ausbildung zum Cellisten in der damaligen Fachakademie f\u00fcr Musik N\u00fcrnberg, in M\u00fcnchen. Er unterrichtet Gesang, Violoncello und Klavier.<\/p>\n<\/div><\/div>\n","protected":false},"excerpt":{"rendered":"<p>Marcus Weishaar (Bass), erhielt seine Gesangsausbildung in N\u00fcrnberg, Basel und M\u00fcnchen. Vielseitig als Konzert- und Operns\u00e4nger t\u00e4tig mit Auftritten beim SWF, im Gasteig in M\u00fcnchen, Philharmonie in K\u00f6ln, in Berlin, D\u00fcsseldorf, Hamburg, Frankfurt a.M., Wiesbaden u.v.a.m. Engagements u.a. am Staatstheater am G\u00e4rtnerplatz M\u00fcnchen, St\u00e4dtebundtheater Hof, Stadttheater Brandenburg, an der Kammeroper Ulm, Pasinger Fabrik, beim Eckhoffestival [&hellip;]<\/p>\n","protected":false},"author":2,"featured_media":0,"parent":0,"menu_order":0,"comment_status":"closed","ping_status":"closed","template":"","meta":{"footnotes":""},"class_list":["post-1846","page","type-page","status-publish","czr-hentry"],"_links":{"self":[{"href":"https:\/\/kulturtage-poing.de\/index.php?rest_route=\/wp\/v2\/pages\/1846","targetHints":{"allow":["GET"]}}],"collection":[{"href":"https:\/\/kulturtage-poing.de\/index.php?rest_route=\/wp\/v2\/pages"}],"about":[{"href":"https:\/\/kulturtage-poing.de\/index.php?rest_route=\/wp\/v2\/types\/page"}],"author":[{"embeddable":true,"href":"https:\/\/kulturtage-poing.de\/index.php?rest_route=\/wp\/v2\/users\/2"}],"replies":[{"embeddable":true,"href":"https:\/\/kulturtage-poing.de\/index.php?rest_route=%2Fwp%2Fv2%2Fcomments&post=1846"}],"version-history":[{"count":6,"href":"https:\/\/kulturtage-poing.de\/index.php?rest_route=\/wp\/v2\/pages\/1846\/revisions"}],"predecessor-version":[{"id":2375,"href":"https:\/\/kulturtage-poing.de\/index.php?rest_route=\/wp\/v2\/pages\/1846\/revisions\/2375"}],"wp:attachment":[{"href":"https:\/\/kulturtage-poing.de\/index.php?rest_route=%2Fwp%2Fv2%2Fmedia&parent=1846"}],"curies":[{"name":"wp","href":"https:\/\/api.w.org\/{rel}","templated":true}]}}