{"id":2340,"date":"2025-04-06T16:10:43","date_gmt":"2025-04-06T14:10:43","guid":{"rendered":"https:\/\/kulturtage-poing.de\/?page_id=2340"},"modified":"2025-05-05T12:26:00","modified_gmt":"2025-05-05T10:26:00","slug":"kulturtage-2025","status":"publish","type":"page","link":"https:\/\/kulturtage-poing.de\/?page_id=2340","title":{"rendered":"Kulturtage 2025"},"content":{"rendered":"\n<p>Hier finden Sie einen \u00dcberblick \u00fcber das diesj\u00e4hrige Programm. <br>Hier finden Sie den diesj\u00e4hrigen <a href=\"http:\/\/kulturtage-poing.de\/wp-content\/uploads\/2025\/04\/SE_Kulturtage_Poing_2025_Flyer-2.pdf\">Flyer zum Download<\/a>. <\/p>\n\n\n\n<p>&#8230; in Kooperation mit der Aktionsgruppe Respekt@Poing freuen wir uns auf: <\/p>\n\n\n\n<figure class=\"wp-block-table\"><table class=\"has-fixed-layout\"><tbody><tr><td><strong>Samstag, <br>10.05.2025 <\/strong><br>Beginn: 19.00 Uhr <br>Einlass: 18.00 Uhr<br><br>Eintritt frei <\/td><td><img loading=\"lazy\" decoding=\"async\" width=\"150\" height=\"100\" class=\"wp-image-2387\" style=\"width: 150px;\" src=\"http:\/\/kulturtage-poing.de\/wp-content\/uploads\/2025\/04\/Foto-Ensemble-Opus-m-Knizka-F75_6260_sRGB-scaled.jpg\" alt=\"\" srcset=\"https:\/\/kulturtage-poing.de\/wp-content\/uploads\/2025\/04\/Foto-Ensemble-Opus-m-Knizka-F75_6260_sRGB-scaled.jpg 2560w, https:\/\/kulturtage-poing.de\/wp-content\/uploads\/2025\/04\/Foto-Ensemble-Opus-m-Knizka-F75_6260_sRGB-300x200.jpg 300w, https:\/\/kulturtage-poing.de\/wp-content\/uploads\/2025\/04\/Foto-Ensemble-Opus-m-Knizka-F75_6260_sRGB-1024x683.jpg 1024w, https:\/\/kulturtage-poing.de\/wp-content\/uploads\/2025\/04\/Foto-Ensemble-Opus-m-Knizka-F75_6260_sRGB-768x513.jpg 768w, https:\/\/kulturtage-poing.de\/wp-content\/uploads\/2025\/04\/Foto-Ensemble-Opus-m-Knizka-F75_6260_sRGB-1536x1025.jpg 1536w, https:\/\/kulturtage-poing.de\/wp-content\/uploads\/2025\/04\/Foto-Ensemble-Opus-m-Knizka-F75_6260_sRGB-2048x1367.jpg 2048w\" sizes=\"auto, (max-width: 150px) 100vw, 150px\" \/><\/td><td>Dreifachturnhalle, <br>Plieninger Str. 22, <br>85586 Poing<\/td><td>Bl\u00e4serquintett Opus 45 <br>&amp; Roman Kni\u017eka<br><strong><a href=\"http:\/\/kulturtage-poing.de\/wp-content\/uploads\/2025\/04\/OPUS-45-80-Jahre-Kriegsende-Flyertext-Kulturtage-Mai-2025.pdf\">\u201eDass ein gutes Deutschland bl\u00fche \u2026\u201c<\/a><\/strong><br>Eine musikalische Lesung erz\u00e4hlt in Musikst\u00fccken, literarischen Texten, Reportagen und Zeitzeugnissen von einem Land zwischen Apokalypse und Aufbruch. <br><\/td><\/tr><\/tbody><\/table><\/figure>\n\n\n\n<hr class=\"wp-block-separator has-alpha-channel-opacity is-style-dots\"\/>\n\n\n\n<figure class=\"wp-block-table\"><table class=\"has-fixed-layout\"><tbody><tr><td><strong>Freitag, <br>16.05.2025 <\/strong><br>Beginn: 19.30 Uhr <br>Einlass: 19.00 Uhr<br><br>Eintritt 5 \u20ac <\/td><td><img loading=\"lazy\" decoding=\"async\" width=\"150\" height=\"249\" class=\"wp-image-2361\" style=\"width: 150px;\" src=\"http:\/\/kulturtage-poing.de\/wp-content\/uploads\/2025\/04\/Die-Wortlosen-Cover.jpg\" alt=\"\" srcset=\"https:\/\/kulturtage-poing.de\/wp-content\/uploads\/2025\/04\/Die-Wortlosen-Cover.jpg 820w, https:\/\/kulturtage-poing.de\/wp-content\/uploads\/2025\/04\/Die-Wortlosen-Cover-181x300.jpg 181w, https:\/\/kulturtage-poing.de\/wp-content\/uploads\/2025\/04\/Die-Wortlosen-Cover-618x1024.jpg 618w, https:\/\/kulturtage-poing.de\/wp-content\/uploads\/2025\/04\/Die-Wortlosen-Cover-768x1273.jpg 768w\" sizes=\"auto, (max-width: 150px) 100vw, 150px\" \/><\/td><td>Unverpacktladen<br>\u00bbbunte bOHNE\u00ab<br>Marktstra\u00dfe 5 a, <br>85586 Poing<\/td><td>Die Autorin, Lehrkraft und Dozentin <strong><a href=\"https:\/\/kulturtage-poing.de\/?page_id=2356\">Marion Haass-Pennings<\/a><\/strong> liest aus ihrem Roman <strong><a href=\"https:\/\/kulturtage-poing.de\/?page_id=2360\">\u201eDie Wortlosen\u201c.<\/a><\/strong><br>Darin deckt eine starke und sensible junge Frau nach Jahren der Suche ein dunkles Familiengeheimnis auf und findet schlie\u00dflich zu sich selbst.<br>Ein fesselnder Abend voller Suspense!<\/td><\/tr><tr><td><strong>Samstag, <br>17.05.2025 <\/strong><br>Beginn: 19.30 Uhr <br>Einlass: 18.30 Uhr<br><br>Eintritt 17 \u20ac <\/td><td><img loading=\"lazy\" decoding=\"async\" width=\"150\" height=\"100\" class=\"wp-image-2125\" style=\"width: 150px;\" src=\"http:\/\/kulturtage-poing.de\/wp-content\/uploads\/2024\/10\/DSC_9608-scaled.jpg\" alt=\"\" srcset=\"https:\/\/kulturtage-poing.de\/wp-content\/uploads\/2024\/10\/DSC_9608-scaled.jpg 2560w, https:\/\/kulturtage-poing.de\/wp-content\/uploads\/2024\/10\/DSC_9608-300x201.jpg 300w, https:\/\/kulturtage-poing.de\/wp-content\/uploads\/2024\/10\/DSC_9608-1024x685.jpg 1024w, https:\/\/kulturtage-poing.de\/wp-content\/uploads\/2024\/10\/DSC_9608-768x514.jpg 768w, https:\/\/kulturtage-poing.de\/wp-content\/uploads\/2024\/10\/DSC_9608-1536x1028.jpg 1536w, https:\/\/kulturtage-poing.de\/wp-content\/uploads\/2024\/10\/DSC_9608-2048x1371.jpg 2048w\" sizes=\"auto, (max-width: 150px) 100vw, 150px\" \/><\/td><td>Aula, <br>Gruber Str. 4, <br>85586 Poing<\/td><td>Unter dem Motto <a href=\"https:\/\/kulturtage-poing.de\/?page_id=2364\"><strong>\u201eRomantische Melodien aus Operette, Schlager und Musical\u201c<\/strong> <\/a>erleben Sie Barbara Sauter, Richard Wiedl und Marcus Weishaar begleitet vom Petershausener Kammerorchester unter der Leitung von Eugen Tluck, sowie die T\u00e4nzerinnen und T\u00e4nzer der Ballettschule Regina R\u00fcger.<br>Moderation: Cornelia G\u00fctlich<\/td><\/tr><tr><td><strong>Sonntag, <br>18.05.2025 <\/strong><br>Beginn: 18.00 Uhr <br>Einlass: 17.00 Uhr<br><br>Eintritt 12 \u20ac <\/td><td><img loading=\"lazy\" decoding=\"async\" width=\"150\" height=\"84\" class=\"wp-image-2380\" style=\"width: 150px;\" src=\"http:\/\/kulturtage-poing.de\/wp-content\/uploads\/2025\/04\/image.png\" alt=\"\" srcset=\"https:\/\/kulturtage-poing.de\/wp-content\/uploads\/2025\/04\/image.png 1920w, https:\/\/kulturtage-poing.de\/wp-content\/uploads\/2025\/04\/image-300x169.png 300w, https:\/\/kulturtage-poing.de\/wp-content\/uploads\/2025\/04\/image-1024x576.png 1024w, https:\/\/kulturtage-poing.de\/wp-content\/uploads\/2025\/04\/image-768x432.png 768w, https:\/\/kulturtage-poing.de\/wp-content\/uploads\/2025\/04\/image-1536x864.png 1536w\" sizes=\"auto, (max-width: 150px) 100vw, 150px\" \/><\/td><td>Aula, <br>Gruber Str. 4, <br>85586 Poing<\/td><td>Die <a href=\"https:\/\/kulturtage-poing.de\/?page_id=2379\"><strong>Bigband POWER Vaterstetten<\/strong>,<\/a> geleitet vom Bandleader Bernd K\u00f6lmel begeistert mit guter und sch\u00f6ner Bigband Musik der gro\u00dfen Bigbands der 1930\/40 Jahre.<br>Die Bigband in voller Besetzung sowie Marcus Lipp als S\u00e4nger steht f\u00fcr gut gemachte Swingmusik aber auch f\u00fcr groovenden Sound im Stil der Latin und Funk Musik.<\/td><\/tr><\/tbody><\/table><\/figure>\n\n\n\n<div class=\"wp-block-group\"><div class=\"wp-block-group__inner-container is-layout-constrained wp-block-group-is-layout-constrained\">\n<div class=\"wp-block-columns is-layout-flex wp-container-core-columns-is-layout-9d6595d7 wp-block-columns-is-layout-flex\">\n<div class=\"wp-block-column is-layout-flow wp-block-column-is-layout-flow\"><\/div>\n<\/div>\n<\/div><\/div>\n\n\n\n<p><\/p>\n","protected":false},"excerpt":{"rendered":"<p>Hier finden Sie einen \u00dcberblick \u00fcber das diesj\u00e4hrige Programm. Hier finden Sie den diesj\u00e4hrigen Flyer zum Download. &#8230; in Kooperation mit der Aktionsgruppe Respekt@Poing freuen wir uns auf: Samstag, 10.05.2025 Beginn: 19.00 Uhr Einlass: 18.00 Uhr Eintritt frei Dreifachturnhalle, Plieninger Str. 22, 85586 Poing Bl\u00e4serquintett Opus 45 &amp; Roman Kni\u017eka\u201eDass ein gutes Deutschland bl\u00fche \u2026\u201cEine [&hellip;]<\/p>\n","protected":false},"author":1,"featured_media":2419,"parent":0,"menu_order":0,"comment_status":"closed","ping_status":"closed","template":"","meta":{"footnotes":""},"class_list":["post-2340","page","type-page","status-publish","has-post-thumbnail","czr-hentry"],"_links":{"self":[{"href":"https:\/\/kulturtage-poing.de\/index.php?rest_route=\/wp\/v2\/pages\/2340","targetHints":{"allow":["GET"]}}],"collection":[{"href":"https:\/\/kulturtage-poing.de\/index.php?rest_route=\/wp\/v2\/pages"}],"about":[{"href":"https:\/\/kulturtage-poing.de\/index.php?rest_route=\/wp\/v2\/types\/page"}],"author":[{"embeddable":true,"href":"https:\/\/kulturtage-poing.de\/index.php?rest_route=\/wp\/v2\/users\/1"}],"replies":[{"embeddable":true,"href":"https:\/\/kulturtage-poing.de\/index.php?rest_route=%2Fwp%2Fv2%2Fcomments&post=2340"}],"version-history":[{"count":6,"href":"https:\/\/kulturtage-poing.de\/index.php?rest_route=\/wp\/v2\/pages\/2340\/revisions"}],"predecessor-version":[{"id":2426,"href":"https:\/\/kulturtage-poing.de\/index.php?rest_route=\/wp\/v2\/pages\/2340\/revisions\/2426"}],"wp:featuredmedia":[{"embeddable":true,"href":"https:\/\/kulturtage-poing.de\/index.php?rest_route=\/wp\/v2\/media\/2419"}],"wp:attachment":[{"href":"https:\/\/kulturtage-poing.de\/index.php?rest_route=%2Fwp%2Fv2%2Fmedia&parent=2340"}],"curies":[{"name":"wp","href":"https:\/\/api.w.org\/{rel}","templated":true}]}}