{"id":907,"date":"2018-10-03T21:01:14","date_gmt":"2018-10-03T19:01:14","guid":{"rendered":"http:\/\/kulturtage-poing.de\/?page_id=907"},"modified":"2018-10-03T21:01:14","modified_gmt":"2018-10-03T19:01:14","slug":"spaetsommerromantik-mitwirkende","status":"publish","type":"page","link":"https:\/\/kulturtage-poing.de\/?page_id=907","title":{"rendered":"Sp\u00e4tsommerromantik &#8211; Mitwirkende"},"content":{"rendered":"<h2 style=\"text-align: center;\">Sp\u00e4tsommerromantik &#8211; Mitwirkende<\/h2>\n<p>Wieder zu Gast bei unserem Arien- und Kammermusikabend ist <strong>Mezzosopranistin Barbara Sauter<\/strong>!<br \/>\nDas klassisches Kunstlied hat bei ihr einen ebenso hohen Stellenwert, wie der Oratorien- und Konzertgesang.<br \/>\n\u00dcberdies genie\u00dft Sie immer wieder Ausfl\u00fcge in die Welt der Oper und der Operette, bei denen sie ihre Spielfreude und ihr schauspielerisches Talent zur Geltung bringen kann. Unterst\u00fctzt von ihrer Stimme, denn diese ist so wandelbar wie sie selbst \u2013 vom Mezzo- bis ins Sopran- und sogar ins Altfach!<\/p>\n<p>Erstmals dabei beim Arien- und Kammermusikabend ist der Anzinger <strong>Bassist Frederic Jost<\/strong>!<br \/>\nSeit 2014 studiert er Gesang an der Hochschule f\u00fcr Musik und Theater M\u00fcnchen bei Michelle Breedt.<br \/>\nMeisterkurse auch bei Brigitte Fassbaender und Michelle Breedt runden seine bisherige Ausbildung ab.<br \/>\nDas Opernrepertoire von Frederic Jost ist umfangreich und reicht vom Barock \u00fcber klassische Basspartien bis zu zeitgen\u00f6ssischen Kompositionen.<\/p>\n<p>Auch <strong>Pamela Rachel<\/strong> ist bereits ein bekanntes Gesicht bei den Poinger Kulturtagen.<br \/>\nSie studierte in W\u00fcrzburg und Karlsruhe Violine und schloss dieses Studium mit Orchesterdiplom ab.<br \/>\nRege Kammermusikt\u00e4tigkeiten und Engagements an Theatern, in Musicals und auch bei Fernseh- und Radioproduktionen folgten, sowie die Teilnahme an zahlreichen Meisterkursen. Inzwischen ist sie ist freiberuflich als Geigerin unterwegs und das beispielsweise sehr erfolgreich mit dem Streichquartett &#8222;<span class=\"text_exposed_show\">La Finesse&#8220;.<br \/>\n<\/span>Ihr reichhaltiges Repertoire reicht von Klassik bis Rock und egal was sie spielt, sie spielt es immer mit Herzblut und das h\u00f6rt man in jedem Ton!<\/p>\n<p><strong>Yuko &amp; Ayano Miura<\/strong> komplettieren das Ensemble des Arien- und Kammermusikabends.<br \/>\nYuko Miuras virtuoses Klavierspiel ist den Besuchern der zahlreichen Konzerte in der Poinger Christuskirche sicherlich in Erinnerung geblieben. Beispiellos versteht sie es in der Begleitung, zu untermalen, zu unterst\u00fctzen und nicht zuletzt auch solistische Akzente zu setzen!<br \/>\nIhrer Mutter in nichts nachstehend, bewei\u00dft Ayano Miura bei zahlreichen Wettbewerben und Konzerten ihre Musikalit\u00e4t und ihr Talen<span class=\"text_exposed_show\">t auf der Violine.<br \/>\n<\/span>Die hohe Professionalit\u00e4t und Musikalit\u00e4t dieser beiden Poinger K\u00fcnstlerinnen ist herausragend und bewundernswert &#8211; sch\u00f6n, dass ihr bei uns dabei seid!<\/p>\n","protected":false},"excerpt":{"rendered":"<p>Sp\u00e4tsommerromantik &#8211; Mitwirkende Wieder zu Gast bei unserem Arien- und Kammermusikabend ist Mezzosopranistin Barbara Sauter! Das klassisches Kunstlied hat bei ihr einen ebenso hohen Stellenwert, wie der Oratorien- und Konzertgesang. \u00dcberdies genie\u00dft Sie immer wieder Ausfl\u00fcge in die Welt der Oper und der Operette, bei denen sie ihre Spielfreude und ihr schauspielerisches Talent zur Geltung [&hellip;]<\/p>\n","protected":false},"author":1,"featured_media":0,"parent":0,"menu_order":0,"comment_status":"closed","ping_status":"closed","template":"","meta":{"footnotes":""},"class_list":["post-907","page","type-page","status-publish","czr-hentry"],"_links":{"self":[{"href":"https:\/\/kulturtage-poing.de\/index.php?rest_route=\/wp\/v2\/pages\/907","targetHints":{"allow":["GET"]}}],"collection":[{"href":"https:\/\/kulturtage-poing.de\/index.php?rest_route=\/wp\/v2\/pages"}],"about":[{"href":"https:\/\/kulturtage-poing.de\/index.php?rest_route=\/wp\/v2\/types\/page"}],"author":[{"embeddable":true,"href":"https:\/\/kulturtage-poing.de\/index.php?rest_route=\/wp\/v2\/users\/1"}],"replies":[{"embeddable":true,"href":"https:\/\/kulturtage-poing.de\/index.php?rest_route=%2Fwp%2Fv2%2Fcomments&post=907"}],"version-history":[{"count":1,"href":"https:\/\/kulturtage-poing.de\/index.php?rest_route=\/wp\/v2\/pages\/907\/revisions"}],"predecessor-version":[{"id":908,"href":"https:\/\/kulturtage-poing.de\/index.php?rest_route=\/wp\/v2\/pages\/907\/revisions\/908"}],"wp:attachment":[{"href":"https:\/\/kulturtage-poing.de\/index.php?rest_route=%2Fwp%2Fv2%2Fmedia&parent=907"}],"curies":[{"name":"wp","href":"https:\/\/api.w.org\/{rel}","templated":true}]}}